{"id":4805,"date":"2013-06-19T16:17:41","date_gmt":"2013-06-19T16:17:41","guid":{"rendered":"https:\/\/carlogislon.it\/staging\/?page_id=4805"},"modified":"2022-06-28T16:41:15","modified_gmt":"2022-06-28T16:41:15","slug":"segnopositivo-blog-sulla-comunicazione-dimpresa","status":"publish","type":"page","link":"https:\/\/carlogislon.it\/staging\/segnopositivo-blog-sulla-comunicazione-dimpresa\/","title":{"rendered":"Segnopositivo"},"content":{"rendered":"<div class=\"fusion-fullwidth fullwidth-box fusion-builder-row-1 fusion-flex-container nonhundred-percent-fullwidth non-hundred-percent-height-scrolling\" style=\"--awb-border-radius-top-left:0px;--awb-border-radius-top-right:0px;--awb-border-radius-bottom-right:0px;--awb-border-radius-bottom-left:0px;--awb-flex-wrap:wrap;\" ><div class=\"fusion-builder-row fusion-row fusion-flex-align-items-flex-start fusion-flex-content-wrap\" style=\"max-width:calc( 1340px + 0px );margin-left: calc(-0px \/ 2 );margin-right: calc(-0px \/ 2 );\"><div class=\"fusion-layout-column fusion_builder_column fusion-builder-column-0 fusion_builder_column_1_1 1_1 fusion-flex-column\" style=\"--awb-bg-size:cover;--awb-width-large:100%;--awb-margin-top-large:0px;--awb-spacing-right-large:0px;--awb-margin-bottom-large:0px;--awb-spacing-left-large:0px;--awb-width-medium:100%;--awb-order-medium:0;--awb-spacing-right-medium:0px;--awb-spacing-left-medium:0px;--awb-width-small:100%;--awb-order-small:0;--awb-spacing-right-small:0px;--awb-spacing-left-small:0px;\"><div class=\"fusion-column-wrapper fusion-column-has-shadow fusion-flex-justify-content-flex-start fusion-content-layout-column\"><div class=\"fusion-blog-shortcode fusion-blog-shortcode-1 fusion-blog-archive fusion-blog-layout-large fusion-blog-infinite fusion-blog-no-images\"><div class=\"fusion-posts-container fusion-posts-container-infinite\" data-pages=\"30\"><article id=\"blog-1-post-40235\" class=\"fusion-post-large post-40235 post type-post status-publish format-standard has-post-thumbnail hentry category-ai category-formati-digitali category-stampa\">\n<div class=\"fusion-post-content post-content\"><h2 class=\"blog-shortcode-post-title entry-title\"><a href=\"https:\/\/carlogislon.it\/staging\/la-carta-non-e-morta-ha-cambiato-iposizionamento-i\/\">La carta non \u00e8 morta. Ha cambiato <i>posizionamento<\/i><\/a><\/h2><div class=\"fusion-post-content-container\"><p>Per decenni abbiamo assistito a un racconto lineare: il digitale avanza, la carta arretra, e prima o poi la stampa scomparir\u00e0. \u00c8 un racconto che ha una sua logica: la distribuzione digitale \u00e8 pi\u00f9 veloce, pi\u00f9 economica, pi\u00f9 scalabile. Ma come accade spesso, la realt\u00e0 \u00e8 molto meno lineare della teoria...<\/p><\/div><\/div><div class=\"fusion-clearfix\"><\/div><div class=\"fusion-meta-info\"><div class=\"fusion-alignleft\">Di <span class=\"vcard\"><span class=\"fn\"><a href=\"https:\/\/carlogislon.it\/staging\/author\/jonny\/\" title=\"Articoli scritti da Carlo Gislon\" rel=\"author\">Carlo Gislon<\/a><\/span><\/span><span class=\"fusion-inline-sep\">|<\/span><span class=\"updated\" style=\"display:none;\">2026-02-27T17:05:41+00:00<\/span><span>27.02.2026<\/span><span class=\"fusion-inline-sep\">|<\/span><\/div><div class=\"fusion-alignright\"><a class=\"fusion-read-more\" href=\"https:\/\/carlogislon.it\/staging\/la-carta-non-e-morta-ha-cambiato-iposizionamento-i\/\" aria-label=\"More on La carta non \u00e8 morta. Ha cambiato &lt;i&gt;posizionamento&lt;\/i&gt;\">Leggi di pi\u00f9<\/a><\/div><\/div><\/article>\n<article id=\"blog-1-post-38909\" class=\"fusion-post-large post-38909 post type-post status-publish format-standard has-post-thumbnail hentry category-progetto-grafico\">\n<div class=\"fusion-post-content post-content\"><h2 class=\"blog-shortcode-post-title entry-title\"><a href=\"https:\/\/carlogislon.it\/staging\/caso-studio-progetto-grafico-catalogo\/\"><em>Caso-studio<\/em> progetto grafico catalogo<\/a><\/h2><div class=\"fusion-post-content-container\"><p>Il caso-studio di questo catalogo si concentra sulla narrazione di alcuni aspetti particolari: la scelta dei caratteri, la gestione delle immagini tecniche, la gestione delle tabelle, provando a schivare la banalit\u00e0 degli insegnamenti pi\u00f9 scolastici ma anche i tranelli dell'Ufficio Complicazione Affari Semplici<\/p><\/div><\/div><div class=\"fusion-clearfix\"><\/div><div class=\"fusion-meta-info\"><div class=\"fusion-alignleft\">Di <span class=\"vcard\"><span class=\"fn\"><a href=\"https:\/\/carlogislon.it\/staging\/author\/jonny\/\" title=\"Articoli scritti da Carlo Gislon\" rel=\"author\">Carlo Gislon<\/a><\/span><\/span><span class=\"fusion-inline-sep\">|<\/span><span class=\"updated\" style=\"display:none;\">2025-11-14T07:06:05+00:00<\/span><span>31.10.2025<\/span><span class=\"fusion-inline-sep\">|<\/span><\/div><div class=\"fusion-alignright\"><a class=\"fusion-read-more\" href=\"https:\/\/carlogislon.it\/staging\/caso-studio-progetto-grafico-catalogo\/\" aria-label=\"More on &lt;em&gt;Caso-studio&lt;\/em&gt; progetto grafico catalogo\">Leggi di pi\u00f9<\/a><\/div><\/div><\/article>\n<article id=\"blog-1-post-38459\" class=\"fusion-post-large post-38459 post type-post status-publish format-standard has-post-thumbnail hentry category-formati-digitali\">\n<div class=\"fusion-post-content post-content\"><h2 class=\"blog-shortcode-post-title entry-title\"><a href=\"https:\/\/carlogislon.it\/staging\/formati-digitali-editoriali\/\"><em>Formati digitali editoriali<\/em>. Oltre il Pdf<\/a><\/h2><div class=\"fusion-post-content-container\"><p>Libro, manuale, rivista... pronti, belli e impaginati col mio Indesign. Stampiamoli allora, o no? O non solo? Abbiamo sentito tutti parlare di \"alternative digitali\" ma \u00e8 ora di mettere un po' di chiarezza sulle diverse opzioni di \"output\"<\/p><\/div><\/div><div class=\"fusion-clearfix\"><\/div><div class=\"fusion-meta-info\"><div class=\"fusion-alignleft\">Di <span class=\"vcard\"><span class=\"fn\"><a href=\"https:\/\/carlogislon.it\/staging\/author\/jonny\/\" title=\"Articoli scritti da Carlo Gislon\" rel=\"author\">Carlo Gislon<\/a><\/span><\/span><span class=\"fusion-inline-sep\">|<\/span><span class=\"updated\" style=\"display:none;\">2026-01-09T13:58:49+00:00<\/span><span>12.09.2025<\/span><span class=\"fusion-inline-sep\">|<\/span><\/div><div class=\"fusion-alignright\"><a class=\"fusion-read-more\" href=\"https:\/\/carlogislon.it\/staging\/formati-digitali-editoriali\/\" aria-label=\"More on &lt;em&gt;Formati digitali editoriali&lt;\/em&gt;. Oltre il Pdf\">Leggi di pi\u00f9<\/a><\/div><\/div><\/article>\n<article id=\"blog-1-post-38069\" class=\"fusion-post-large post-38069 post type-post status-publish format-standard has-post-thumbnail hentry category-inspiration\">\n<div class=\"fusion-post-content post-content\"><h2 class=\"blog-shortcode-post-title entry-title\"><a href=\"https:\/\/carlogislon.it\/staging\/errore-piu-grande-della-promozione\/\">1\u00b0 \u2013 Produzione; 2\u00b0 \u2013 Fiducia; 3\u00b0 \u2013 Promozione. Il podio \u00e8 questo<\/a><\/h2><div class=\"fusion-post-content-container\"><p>La Promozione \u00e8 solo al terzo posto in quanto priorit\u00e0 e con un discreto distacco. Promuovere quando non si \u00e8 ancora al punto di poterlo fare \u00e8 un errore comune. Non ci credi? Nemmeno io ci crederei per questo ho speso un articolo intero per dimostrarlo<\/p><\/div><\/div><div class=\"fusion-clearfix\"><\/div><div class=\"fusion-meta-info\"><div class=\"fusion-alignleft\">Di <span class=\"vcard\"><span class=\"fn\"><a href=\"https:\/\/carlogislon.it\/staging\/author\/jonny\/\" title=\"Articoli scritti da Carlo Gislon\" rel=\"author\">Carlo Gislon<\/a><\/span><\/span><span class=\"fusion-inline-sep\">|<\/span><span class=\"updated\" style=\"display:none;\">2025-12-05T15:18:03+00:00<\/span><span>26.08.2025<\/span><span class=\"fusion-inline-sep\">|<\/span><\/div><div class=\"fusion-alignright\"><a class=\"fusion-read-more\" href=\"https:\/\/carlogislon.it\/staging\/errore-piu-grande-della-promozione\/\" aria-label=\"More on 1\u00b0 \u2013 Produzione; 2\u00b0 \u2013 Fiducia; 3\u00b0 \u2013 Promozione. Il podio \u00e8 questo\">Leggi di pi\u00f9<\/a><\/div><\/div><\/article>\n<article id=\"blog-1-post-36593\" class=\"fusion-post-large post-36593 post type-post status-publish format-standard has-post-thumbnail hentry category-ai\">\n<div class=\"fusion-post-content post-content\"><h2 class=\"blog-shortcode-post-title entry-title\"><a href=\"https:\/\/carlogislon.it\/staging\/36593-nbunbj\/\">Come l\u2019Intelligenza Artificiale sta <em>riposizionando il ruolo del Graphic Designer<\/em><\/a><\/h2><div class=\"fusion-post-content-container\"><p>L'Ai sta ridefinendo il ruolo del graphic designer, cos\u00ec si dice, ma io direi piuttosto che lo costringer\u00e0, volente o nolente, ad elevarsi a un livello superiore. \"Il vero conflitto non \u00e8 tra uomo e macchina, bens\u00ec tra chi si affida all\u2019automatismo e chi coltiva una visione consapevole...\" Belle parole, corrette in effetti, ma un luogo comune per chi vive di graphic design mentre l\u2019Intelligenza Artificiale attira i suoi clienti pi\u00f9 piccoli e meno consapevoli verso strumenti gratuiti. In questo articolo, provo a dare il mio contributo (la cosa mi interessa un \"pochino\") per risolvere questa sfida evitando facili slogan ma cercando invece soluzioni percorribili<\/p><\/div><\/div><div class=\"fusion-clearfix\"><\/div><div class=\"fusion-meta-info\"><div class=\"fusion-alignleft\">Di <span class=\"vcard\"><span class=\"fn\"><a href=\"https:\/\/carlogislon.it\/staging\/author\/jonny\/\" title=\"Articoli scritti da Carlo Gislon\" rel=\"author\">Carlo Gislon<\/a><\/span><\/span><span class=\"fusion-inline-sep\">|<\/span><span class=\"updated\" style=\"display:none;\">2026-04-20T07:17:15+00:00<\/span><span>20.05.2025<\/span><span class=\"fusion-inline-sep\">|<\/span><\/div><div class=\"fusion-alignright\"><a class=\"fusion-read-more\" href=\"https:\/\/carlogislon.it\/staging\/36593-nbunbj\/\" aria-label=\"More on Come l\u2019Intelligenza Artificiale sta &lt;em&gt;riposizionando il ruolo del Graphic Designer&lt;\/em&gt;\">Leggi di pi\u00f9<\/a><\/div><\/div><\/article>\n<article id=\"blog-1-post-35486\" class=\"fusion-post-large post-35486 post type-post status-publish format-standard has-post-thumbnail hentry category-colore\">\n<div class=\"fusion-post-content post-content\"><h2 class=\"blog-shortcode-post-title entry-title\"><a href=\"https:\/\/carlogislon.it\/staging\/da-pantone-per-voi-il-colore-dellanno-2025-mousse-di-caffe-al-cioccolato\/\">Da Pantone per voi il <em>colore dell\u2019anno 2025<\/em>: \u201cmousse di caff\u00e9 al cioccolato\u201d<\/a><\/h2><div class=\"fusion-post-content-container\"><p>Il <em>Colore dell\u2019Anno Pantone 2025<\/em> \u00e8 una vera golosit\u00e0. Il nome richiama due degli alimenti pi\u00f9 popolari al mondo, tra i pi\u00f9 venduti e consumati, prodotti che noi italiani conosciamo proprio bene: cioccolato e caff\u00e9. Ma da dove sbuca fuori il colore dell\u2019anno Pantone? E da dove sbucano i \"Pantoni\" in genere?<\/p><\/div><\/div><div class=\"fusion-clearfix\"><\/div><div class=\"fusion-meta-info\"><div class=\"fusion-alignleft\">Di <span class=\"vcard\"><span class=\"fn\"><a href=\"https:\/\/carlogislon.it\/staging\/author\/jonny\/\" title=\"Articoli scritti da Carlo Gislon\" rel=\"author\">Carlo Gislon<\/a><\/span><\/span><span class=\"fusion-inline-sep\">|<\/span><span class=\"updated\" style=\"display:none;\">2025-08-09T07:23:37+00:00<\/span><span>07.04.2025<\/span><span class=\"fusion-inline-sep\">|<\/span><\/div><div class=\"fusion-alignright\"><a class=\"fusion-read-more\" href=\"https:\/\/carlogislon.it\/staging\/da-pantone-per-voi-il-colore-dellanno-2025-mousse-di-caffe-al-cioccolato\/\" aria-label=\"More on Da Pantone per voi il &lt;em&gt;colore dell\u2019anno 2025&lt;\/em&gt;: \u201cmousse di caff\u00e9 al cioccolato\u201d\">Leggi di pi\u00f9<\/a><\/div><\/div><\/article>\n<\/div><div class=\"fusion-infinite-scroll-trigger\"><\/div><div class=\"pagination infinite-scroll clearfix\" style=\"display:none;\"><span class=\"current\">1<\/span><a href=\"https:\/\/carlogislon.it\/staging\/wp-json\/wp\/v2\/pages\/4805\/page\/2\/\" class=\"inactive\">2<\/a><a class=\"pagination-next\" rel=\"next\" href=\"https:\/\/carlogislon.it\/staging\/wp-json\/wp\/v2\/pages\/4805\/page\/2\/\"><span class=\"page-text\">Prossimo<\/span><span class=\"page-next\"><\/span><\/a><\/div><div class=\"fusion-clearfix\"><\/div><\/div><\/div><\/div><\/div><\/div>\n","protected":false},"excerpt":{"rendered":"","protected":false},"author":8,"featured_media":0,"parent":0,"menu_order":0,"comment_status":"closed","ping_status":"closed","template":"","meta":{"footnotes":""},"class_list":["post-4805","page","type-page","status-publish","hentry"],"yoast_head":"<!-- This site is optimized with the Yoast SEO plugin v27.2 - https:\/\/yoast.com\/product\/yoast-seo-wordpress\/ -->\n<title>Segnopositivo: blog sulla comunicazione d&#039;impresa<\/title>\n<meta name=\"robots\" content=\"index, follow, max-snippet:-1, max-image-preview:large, max-video-preview:-1\" \/>\n<link rel=\"canonical\" href=\"https:\/\/carlogislon.it\/staging\/segnopositivo-blog-sulla-comunicazione-dimpresa\/\" \/>\n<meta property=\"og:locale\" content=\"it_IT\" \/>\n<meta property=\"og:type\" content=\"article\" \/>\n<meta property=\"og:title\" content=\"Segnopositivo: blog sulla comunicazione d&#039;impresa\" \/>\n<meta property=\"og:url\" content=\"https:\/\/carlogislon.it\/staging\/segnopositivo-blog-sulla-comunicazione-dimpresa\/\" \/>\n<meta property=\"og:site_name\" content=\"Gislon: comunicazione di prodotto e d\u2019impresa per l\u2019industria tecnica\" \/>\n<meta property=\"article:modified_time\" content=\"2022-06-28T16:41:15+00:00\" \/>\n<meta name=\"twitter:label1\" content=\"Tempo di lettura stimato\" \/>\n\t<meta name=\"twitter:data1\" content=\"2 minuti\" \/>\n<script type=\"application\/ld+json\" class=\"yoast-schema-graph\">{\"@context\":\"https:\/\/schema.org\",\"@graph\":[{\"@type\":\"WebPage\",\"@id\":\"https:\/\/carlogislon.it\/staging\/segnopositivo-blog-sulla-comunicazione-dimpresa\/\",\"url\":\"https:\/\/carlogislon.it\/staging\/segnopositivo-blog-sulla-comunicazione-dimpresa\/\",\"name\":\"Segnopositivo: blog sulla comunicazione d'impresa\",\"isPartOf\":{\"@id\":\"https:\/\/carlogislon.it\/staging\/#website\"},\"datePublished\":\"2013-06-19T16:17:41+00:00\",\"dateModified\":\"2022-06-28T16:41:15+00:00\",\"breadcrumb\":{\"@id\":\"https:\/\/carlogislon.it\/staging\/segnopositivo-blog-sulla-comunicazione-dimpresa\/#breadcrumb\"},\"inLanguage\":\"it-IT\",\"potentialAction\":[{\"@type\":\"ReadAction\",\"target\":[\"https:\/\/carlogislon.it\/staging\/segnopositivo-blog-sulla-comunicazione-dimpresa\/\"]}]},{\"@type\":\"BreadcrumbList\",\"@id\":\"https:\/\/carlogislon.it\/staging\/segnopositivo-blog-sulla-comunicazione-dimpresa\/#breadcrumb\",\"itemListElement\":[{\"@type\":\"ListItem\",\"position\":1,\"name\":\"Home\",\"item\":\"https:\/\/carlogislon.it\/staging\/\"},{\"@type\":\"ListItem\",\"position\":2,\"name\":\"Segnopositivo\"}]},{\"@type\":\"WebSite\",\"@id\":\"https:\/\/carlogislon.it\/staging\/#website\",\"url\":\"https:\/\/carlogislon.it\/staging\/\",\"name\":\"Gislon: creative direction studio\",\"description\":\"\",\"publisher\":{\"@id\":\"https:\/\/carlogislon.it\/staging\/#organization\"},\"alternateName\":\"Comunicazione pubblicitaria e immagine aziendale per l\u2019industria tecnica\",\"potentialAction\":[{\"@type\":\"SearchAction\",\"target\":{\"@type\":\"EntryPoint\",\"urlTemplate\":\"https:\/\/carlogislon.it\/staging\/?s={search_term_string}\"},\"query-input\":{\"@type\":\"PropertyValueSpecification\",\"valueRequired\":true,\"valueName\":\"search_term_string\"}}],\"inLanguage\":\"it-IT\"},{\"@type\":\"Organization\",\"@id\":\"https:\/\/carlogislon.it\/staging\/#organization\",\"name\":\"Comunicazione pubblicitaria e immagine aziendale per l\u2019industria tecnica\",\"url\":\"https:\/\/carlogislon.it\/staging\/\",\"logo\":{\"@type\":\"ImageObject\",\"inLanguage\":\"it-IT\",\"@id\":\"https:\/\/carlogislon.it\/staging\/#\/schema\/logo\/image\/\",\"url\":\"https:\/\/carlogislon.it\/staging\/wp-content\/uploads\/2025\/03\/logo-segnopositivoRisorsa-2.svg\",\"contentUrl\":\"https:\/\/carlogislon.it\/staging\/wp-content\/uploads\/2025\/03\/logo-segnopositivoRisorsa-2.svg\",\"width\":186,\"height\":55,\"caption\":\"Comunicazione pubblicitaria e immagine aziendale per l\u2019industria tecnica\"},\"image\":{\"@id\":\"https:\/\/carlogislon.it\/staging\/#\/schema\/logo\/image\/\"}}]}<\/script>\n<!-- \/ Yoast SEO plugin. -->","yoast_head_json":{"title":"Segnopositivo: blog sulla comunicazione d'impresa","robots":{"index":"index","follow":"follow","max-snippet":"max-snippet:-1","max-image-preview":"max-image-preview:large","max-video-preview":"max-video-preview:-1"},"canonical":"https:\/\/carlogislon.it\/staging\/segnopositivo-blog-sulla-comunicazione-dimpresa\/","og_locale":"it_IT","og_type":"article","og_title":"Segnopositivo: blog sulla comunicazione d'impresa","og_url":"https:\/\/carlogislon.it\/staging\/segnopositivo-blog-sulla-comunicazione-dimpresa\/","og_site_name":"Gislon: comunicazione di prodotto e d\u2019impresa per l\u2019industria tecnica","article_modified_time":"2022-06-28T16:41:15+00:00","twitter_misc":{"Tempo di lettura stimato":"2 minuti"},"schema":{"@context":"https:\/\/schema.org","@graph":[{"@type":"WebPage","@id":"https:\/\/carlogislon.it\/staging\/segnopositivo-blog-sulla-comunicazione-dimpresa\/","url":"https:\/\/carlogislon.it\/staging\/segnopositivo-blog-sulla-comunicazione-dimpresa\/","name":"Segnopositivo: blog sulla comunicazione d'impresa","isPartOf":{"@id":"https:\/\/carlogislon.it\/staging\/#website"},"datePublished":"2013-06-19T16:17:41+00:00","dateModified":"2022-06-28T16:41:15+00:00","breadcrumb":{"@id":"https:\/\/carlogislon.it\/staging\/segnopositivo-blog-sulla-comunicazione-dimpresa\/#breadcrumb"},"inLanguage":"it-IT","potentialAction":[{"@type":"ReadAction","target":["https:\/\/carlogislon.it\/staging\/segnopositivo-blog-sulla-comunicazione-dimpresa\/"]}]},{"@type":"BreadcrumbList","@id":"https:\/\/carlogislon.it\/staging\/segnopositivo-blog-sulla-comunicazione-dimpresa\/#breadcrumb","itemListElement":[{"@type":"ListItem","position":1,"name":"Home","item":"https:\/\/carlogislon.it\/staging\/"},{"@type":"ListItem","position":2,"name":"Segnopositivo"}]},{"@type":"WebSite","@id":"https:\/\/carlogislon.it\/staging\/#website","url":"https:\/\/carlogislon.it\/staging\/","name":"Gislon: creative direction studio","description":"","publisher":{"@id":"https:\/\/carlogislon.it\/staging\/#organization"},"alternateName":"Comunicazione pubblicitaria e immagine aziendale per l\u2019industria tecnica","potentialAction":[{"@type":"SearchAction","target":{"@type":"EntryPoint","urlTemplate":"https:\/\/carlogislon.it\/staging\/?s={search_term_string}"},"query-input":{"@type":"PropertyValueSpecification","valueRequired":true,"valueName":"search_term_string"}}],"inLanguage":"it-IT"},{"@type":"Organization","@id":"https:\/\/carlogislon.it\/staging\/#organization","name":"Comunicazione pubblicitaria e immagine aziendale per l\u2019industria tecnica","url":"https:\/\/carlogislon.it\/staging\/","logo":{"@type":"ImageObject","inLanguage":"it-IT","@id":"https:\/\/carlogislon.it\/staging\/#\/schema\/logo\/image\/","url":"https:\/\/carlogislon.it\/staging\/wp-content\/uploads\/2025\/03\/logo-segnopositivoRisorsa-2.svg","contentUrl":"https:\/\/carlogislon.it\/staging\/wp-content\/uploads\/2025\/03\/logo-segnopositivoRisorsa-2.svg","width":186,"height":55,"caption":"Comunicazione pubblicitaria e immagine aziendale per l\u2019industria tecnica"},"image":{"@id":"https:\/\/carlogislon.it\/staging\/#\/schema\/logo\/image\/"}}]}},"_links":{"self":[{"href":"https:\/\/carlogislon.it\/staging\/wp-json\/wp\/v2\/pages\/4805","targetHints":{"allow":["GET"]}}],"collection":[{"href":"https:\/\/carlogislon.it\/staging\/wp-json\/wp\/v2\/pages"}],"about":[{"href":"https:\/\/carlogislon.it\/staging\/wp-json\/wp\/v2\/types\/page"}],"author":[{"embeddable":true,"href":"https:\/\/carlogislon.it\/staging\/wp-json\/wp\/v2\/users\/8"}],"replies":[{"embeddable":true,"href":"https:\/\/carlogislon.it\/staging\/wp-json\/wp\/v2\/comments?post=4805"}],"version-history":[{"count":0,"href":"https:\/\/carlogislon.it\/staging\/wp-json\/wp\/v2\/pages\/4805\/revisions"}],"wp:attachment":[{"href":"https:\/\/carlogislon.it\/staging\/wp-json\/wp\/v2\/media?parent=4805"}],"curies":[{"name":"wp","href":"https:\/\/api.w.org\/{rel}","templated":true}]}}